{"id":25,"date":"2025-10-30T10:33:42","date_gmt":"2025-10-30T10:33:42","guid":{"rendered":"https:\/\/ambipromo.com\/?page_id=25"},"modified":"2025-11-13T19:10:10","modified_gmt":"2025-11-13T19:10:10","slug":"politica-de-privacidade","status":"publish","type":"page","link":"http:\/\/fit-yellow-chameleon.62-193-192-118.cpanel.site\/ambipromo\/lp_pt\/politica-de-privacidade\/","title":{"rendered":"Pol\u00edtica de Privacidade"},"content":{"rendered":"\t\t<div data-elementor-type=\"wp-page\" data-elementor-id=\"25\" class=\"elementor elementor-25\">\n\t\t\t\t<div class=\"elementor-element elementor-element-31fb6719 e-flex e-con-boxed e-con e-parent\" data-id=\"31fb6719\" data-element_type=\"container\">\n\t\t\t\t\t<div class=\"e-con-inner\">\n\t\t\t\t<div class=\"elementor-element elementor-element-44427e41 elementor-widget elementor-widget-text-editor\" data-id=\"44427e41\" data-element_type=\"widget\" data-widget_type=\"text-editor.default\">\n\t\t\t\t\t\t\t\t\t<div class=\"modal-body modal-padding\"><h6>Pol\u00edtica de Privacidade &amp; Protec\u00e7\u00e3o de Dados Pessoais<\/h6><p>Para utilizar este website \u00e9 solicitado ao Utilizador que forne\u00e7a previamente \u00e0 Ambipromo, certos dados de car\u00e1cter pessoal que adiante ser\u00e3o denominados &#8220;Dados Pessoais&#8221;. A Ambipromo garante a salvaguarda do direito \u00e0 protec\u00e7\u00e3o de todos os Dados Pessoais, nos termos do disposto na Lei n.\u00ba 67\/98, de 26 de Outubro (Lei da Protec\u00e7\u00e3o dos Dados Pessoais), que sejam prestados voluntariamente pelo seu titular, Utilizador deste website, e cujo tratamento \u00e9 inequivocamente autorizado por este (por serem necess\u00e1rios e fundamentais ao funcionamento dos programas de consulta e simula\u00e7\u00e3o e aos contactos por via electr\u00f3nica), os quais ser\u00e3o tratados pela Ambipromo de forma confidencial, nos termos da legisla\u00e7\u00e3o nacional e comunit\u00e1ria em vigor, atrav\u00e9s de funcion\u00e1rios ou representantes devidamente autorizados para o efeito. \u00c9 garantido o acesso do titular dos dados \u00e0 informa\u00e7\u00e3o que lhe diga directamente respeito, podendo solicitar a sua correc\u00e7\u00e3o, aditamento ou elimina\u00e7\u00e3o, mediante contacto directo ou por escrito junto da Ambipromo.<\/p><p><br \/>Chama-se a aten\u00e7\u00e3o do utilizador de que, para o correcto funcionamento de algumas funcionalidades presentes e\/ou futuras no website (ambipromo.pt), se o titular n\u00e3o autorizar a inclus\u00e3o dos seus dados pessoais nos ficheiros automatizados da Ambipromo e o seu posterior envio e tratamento inform\u00e1tico, nenhuma consulta, contacto e\/ou simula\u00e7\u00e3o, por meio electr\u00f3nico, poder\u00e3o ser levados a efeito. Os dados que nos sejam fornecidos poder\u00e3o ser inclu\u00eddos em ficheiros automatizados, que se destinar\u00e3o \u00e0s finalidades expressamente indicadas aquando da recolha dos mesmos, e sempre tratados de forma confidencial nos termos da legisla\u00e7\u00e3o em vigor. Todos os dados pessoais ser\u00e3o conservados pela Ambipromo enquanto se mantiverem em vigor as rela\u00e7\u00f5es contratuais existentes entre esta empresa e os respectivos titulares. Cada uma das entidades envolvidas no tratamento dos seus dados \u00e9 obrigada a cumprir a legisla\u00e7\u00e3o aplic\u00e1vel em mat\u00e9ria de protec\u00e7\u00e3o de dados pessoais, em particular no que se refere \u00e0 seguran\u00e7a e confidencialidade do seu tratamento. Os respons\u00e1veis do tratamento de dados pessoais, bem como as pessoas que no exerc\u00edcio das suas fun\u00e7\u00f5es, tenham conhecimento dos mesmos, ficam obrigados a sigilo profissional, nos termos da lei.<\/p><h6>\u00a0<\/h6><h6>Hiperliga\u00e7\u00f5es para sites Web que n\u00e3o pertencem \u00e0 Ambipromo<\/h6><p>Os sites ou servi\u00e7os da Ambipromo podem fornecer hiperliga\u00e7\u00f5es para aplica\u00e7\u00f5es, produtos, servi\u00e7os ou sites Web de terceiros para sua conveni\u00eancia e informa\u00e7\u00e3o. Se aceder a estas hiperliga\u00e7\u00f5es, sair\u00e1 do site da Ambipromo. A Ambipromo n\u00e3o controla esses sites de terceiros nem as respectivas pr\u00e1ticas de privacidade, que podem ser diferentes das pr\u00e1ticas da Ambipromo. N\u00e3o nos responsabilizamos nem emitimos declara\u00e7\u00f5es sobre quaisquer sites de terceiros. Os dados pessoais que fornecer a esses sites de terceiros, ou que forem recolhidos pelos mesmos, n\u00e3o s\u00e3o abrangidos pela Declara\u00e7\u00e3o de Privacidade da Ambipromo. Recomendamos a leitura da pol\u00edtica de privacidade de qualquer site com o qual interaja antes de permitir a recolha e utiliza\u00e7\u00e3o dos seus dados pessoais. Podemos tamb\u00e9m disponibilizar funcionalidades de multim\u00e9dia sociais que lhe permitem partilhar informa\u00e7\u00f5es com as suas redes sociais e interagir com a Ambipromo em v\u00e1rios sites de multim\u00e9dia sociais. A utiliza\u00e7\u00e3o destas funcionalidades poder\u00e1 resultar na recolha ou partilha de dados pessoais, dependendo da funcionalidade. Recomendamos que leia as pol\u00edticas de privacidade e as defini\u00e7\u00f5es dos sites de multim\u00e9dia sociais com os quais interage, a fim de se certificar de que compreende as informa\u00e7\u00f5es que poder\u00e3o ser recolhidas, utilizadas e partilhadas por esses sites.<\/p><h6>Altera\u00e7\u00f5es \u00e0 presente Declara\u00e7\u00e3o<\/h6><p>Se alterarmos a nossa Declara\u00e7\u00e3o de Privacidade, publicaremos a declara\u00e7\u00e3o revista aqui, com a data actualizada da revis\u00e3o. Se fizermos altera\u00e7\u00f5es significativas \u00e0 nossa Declara\u00e7\u00e3o que alterem materialmente as nossas pol\u00edticas de privacidade, poderemos igualmente notific\u00e1-lo por outros meios, enviando um e-mail ou publicando um aviso no nosso site Web corporativo e\/ou nas p\u00e1ginas de multim\u00e9dia sociais, antes da entrada em vigor das altera\u00e7\u00f5es.<\/p><\/div>\t\t\t\t\t\t\t\t<\/div>\n\t\t\t\t\t<\/div>\n\t\t\t\t<\/div>\n\t\t<div class=\"elementor-element elementor-element-1bcc9f0 e-flex e-con-boxed e-con e-parent\" data-id=\"1bcc9f0\" data-element_type=\"container\">\n\t\t\t\t\t<div class=\"e-con-inner\">\n\t\t\t\t\t<\/div>\n\t\t\t\t<\/div>\n\t\t\t\t<\/div>\n\t\t","protected":false},"excerpt":{"rendered":"<p>Pol\u00edtica de Privacidade &amp; Protec\u00e7\u00e3o de Dados Pessoais Para utilizar este website \u00e9 solicitado ao Utilizador que forne\u00e7a previamente \u00e0 Ambipromo, certos dados de car\u00e1cter pessoal que adiante ser\u00e3o denominados &#8220;Dados Pessoais&#8221;. A Ambipromo garante a salvaguarda do direito \u00e0 protec\u00e7\u00e3o de todos os Dados Pessoais, nos termos do disposto na Lei n.\u00ba 67\/98, de [&hellip;]<\/p>\n","protected":false},"author":1,"featured_media":0,"parent":0,"menu_order":0,"comment_status":"closed","ping_status":"closed","template":"","meta":{"footnotes":""},"class_list":["post-25","page","type-page","status-publish","hentry"],"yoast_head":"<!-- This site is optimized with the Yoast SEO plugin v27.5 - https:\/\/yoast.com\/product\/yoast-seo-wordpress\/ -->\n<title>Pol\u00edtica de Privacidade - Ambipromo<\/title>\n<meta name=\"description\" content=\"Copos reutiliz\u00e1veis personalizados, produzidos na UE de forma sustent\u00e1vel. Ideal para eventos, hotelaria e restaura\u00e7\u00e3o. Pe\u00e7a or\u00e7amento hoje.\" \/>\n<meta name=\"robots\" content=\"noindex, follow\" \/>\n<meta property=\"og:locale\" content=\"pt_PT\" \/>\n<meta property=\"og:type\" content=\"article\" \/>\n<meta property=\"og:title\" content=\"Pol\u00edtica de Privacidade - Ambipromo\" \/>\n<meta property=\"og:description\" content=\"Copos reutiliz\u00e1veis personalizados, produzidos na UE de forma sustent\u00e1vel. Ideal para eventos, hotelaria e restaura\u00e7\u00e3o. Pe\u00e7a or\u00e7amento hoje.\" \/>\n<meta property=\"og:url\" content=\"http:\/\/fit-yellow-chameleon.62-193-192-118.cpanel.site\/ambipromo\/lp_pt\/politica-de-privacidade\/\" \/>\n<meta property=\"og:site_name\" content=\"Ambipromo\" \/>\n<meta property=\"article:publisher\" content=\"https:\/\/www.facebook.com\/ambipromo\" \/>\n<meta property=\"article:modified_time\" content=\"2025-11-13T19:10:10+00:00\" \/>\n<meta name=\"twitter:card\" content=\"summary_large_image\" \/>\n<meta name=\"twitter:label1\" content=\"Tempo estimado de leitura\" \/>\n\t<meta name=\"twitter:data1\" content=\"4 minutos\" \/>\n<script type=\"application\/ld+json\" class=\"yoast-schema-graph\">{\"@context\":\"https:\\\/\\\/schema.org\",\"@graph\":[{\"@type\":\"WebPage\",\"@id\":\"http:\\\/\\\/fit-yellow-chameleon.62-193-192-118.cpanel.site\\\/ambipromo\\\/lp_pt\\\/politica-de-privacidade\\\/\",\"url\":\"http:\\\/\\\/fit-yellow-chameleon.62-193-192-118.cpanel.site\\\/ambipromo\\\/lp_pt\\\/politica-de-privacidade\\\/\",\"name\":\"Pol\u00edtica de Privacidade - Ambipromo\",\"isPartOf\":{\"@id\":\"http:\\\/\\\/fit-yellow-chameleon.62-193-192-118.cpanel.site\\\/ambipromo\\\/lp_pt\\\/#website\"},\"datePublished\":\"2025-10-30T10:33:42+00:00\",\"dateModified\":\"2025-11-13T19:10:10+00:00\",\"description\":\"Copos reutiliz\u00e1veis personalizados, produzidos na UE de forma sustent\u00e1vel. Ideal para eventos, hotelaria e restaura\u00e7\u00e3o. Pe\u00e7a or\u00e7amento hoje.\",\"breadcrumb\":{\"@id\":\"http:\\\/\\\/fit-yellow-chameleon.62-193-192-118.cpanel.site\\\/ambipromo\\\/lp_pt\\\/politica-de-privacidade\\\/#breadcrumb\"},\"inLanguage\":\"pt-PT\",\"potentialAction\":[{\"@type\":\"ReadAction\",\"target\":[\"http:\\\/\\\/fit-yellow-chameleon.62-193-192-118.cpanel.site\\\/ambipromo\\\/lp_pt\\\/politica-de-privacidade\\\/\"]}]},{\"@type\":\"BreadcrumbList\",\"@id\":\"http:\\\/\\\/fit-yellow-chameleon.62-193-192-118.cpanel.site\\\/ambipromo\\\/lp_pt\\\/politica-de-privacidade\\\/#breadcrumb\",\"itemListElement\":[{\"@type\":\"ListItem\",\"position\":1,\"name\":\"In\u00edcio\",\"item\":\"http:\\\/\\\/fit-yellow-chameleon.62-193-192-118.cpanel.site\\\/ambipromo\\\/lp_pt\\\/\"},{\"@type\":\"ListItem\",\"position\":2,\"name\":\"Pol\u00edtica de Privacidade\"}]},{\"@type\":\"WebSite\",\"@id\":\"http:\\\/\\\/fit-yellow-chameleon.62-193-192-118.cpanel.site\\\/ambipromo\\\/lp_pt\\\/#website\",\"url\":\"http:\\\/\\\/fit-yellow-chameleon.62-193-192-118.cpanel.site\\\/ambipromo\\\/lp_pt\\\/\",\"name\":\"Ambipromo\",\"description\":\"Copos reutiliz\u00e1veis e sustent\u00e1veis\",\"publisher\":{\"@id\":\"http:\\\/\\\/fit-yellow-chameleon.62-193-192-118.cpanel.site\\\/ambipromo\\\/lp_pt\\\/#organization\"},\"potentialAction\":[{\"@type\":\"SearchAction\",\"target\":{\"@type\":\"EntryPoint\",\"urlTemplate\":\"http:\\\/\\\/fit-yellow-chameleon.62-193-192-118.cpanel.site\\\/ambipromo\\\/lp_pt\\\/?s={search_term_string}\"},\"query-input\":{\"@type\":\"PropertyValueSpecification\",\"valueRequired\":true,\"valueName\":\"search_term_string\"}}],\"inLanguage\":\"pt-PT\"},{\"@type\":\"Organization\",\"@id\":\"http:\\\/\\\/fit-yellow-chameleon.62-193-192-118.cpanel.site\\\/ambipromo\\\/lp_pt\\\/#organization\",\"name\":\"Ambipromo \u2013 Solu\u00e7\u00f5es Ecol\u00f3gicas Lda.\",\"url\":\"http:\\\/\\\/fit-yellow-chameleon.62-193-192-118.cpanel.site\\\/ambipromo\\\/lp_pt\\\/\",\"logo\":{\"@type\":\"ImageObject\",\"inLanguage\":\"pt-PT\",\"@id\":\"http:\\\/\\\/fit-yellow-chameleon.62-193-192-118.cpanel.site\\\/ambipromo\\\/lp_pt\\\/#\\\/schema\\\/logo\\\/image\\\/\",\"url\":\"http:\\\/\\\/fit-yellow-chameleon.62-193-192-118.cpanel.site\\\/ambipromo\\\/lp_pt\\\/wp-content\\\/uploads\\\/2025\\\/10\\\/logo.webp\",\"contentUrl\":\"http:\\\/\\\/fit-yellow-chameleon.62-193-192-118.cpanel.site\\\/ambipromo\\\/lp_pt\\\/wp-content\\\/uploads\\\/2025\\\/10\\\/logo.webp\",\"width\":600,\"height\":116,\"caption\":\"Ambipromo \u2013 Solu\u00e7\u00f5es Ecol\u00f3gicas Lda.\"},\"image\":{\"@id\":\"http:\\\/\\\/fit-yellow-chameleon.62-193-192-118.cpanel.site\\\/ambipromo\\\/lp_pt\\\/#\\\/schema\\\/logo\\\/image\\\/\"},\"sameAs\":[\"https:\\\/\\\/www.facebook.com\\\/ambipromo\",\"https:\\\/\\\/www.instagram.com\\\/ambipromo.pt\\\/\"]}]}<\/script>\n<!-- \/ Yoast SEO plugin. -->","yoast_head_json":{"title":"Pol\u00edtica de Privacidade - Ambipromo","description":"Copos reutiliz\u00e1veis personalizados, produzidos na UE de forma sustent\u00e1vel. Ideal para eventos, hotelaria e restaura\u00e7\u00e3o. Pe\u00e7a or\u00e7amento hoje.","robots":{"index":"noindex","follow":"follow"},"og_locale":"pt_PT","og_type":"article","og_title":"Pol\u00edtica de Privacidade - Ambipromo","og_description":"Copos reutiliz\u00e1veis personalizados, produzidos na UE de forma sustent\u00e1vel. Ideal para eventos, hotelaria e restaura\u00e7\u00e3o. Pe\u00e7a or\u00e7amento hoje.","og_url":"http:\/\/fit-yellow-chameleon.62-193-192-118.cpanel.site\/ambipromo\/lp_pt\/politica-de-privacidade\/","og_site_name":"Ambipromo","article_publisher":"https:\/\/www.facebook.com\/ambipromo","article_modified_time":"2025-11-13T19:10:10+00:00","twitter_card":"summary_large_image","twitter_misc":{"Tempo estimado de leitura":"4 minutos"},"schema":{"@context":"https:\/\/schema.org","@graph":[{"@type":"WebPage","@id":"http:\/\/fit-yellow-chameleon.62-193-192-118.cpanel.site\/ambipromo\/lp_pt\/politica-de-privacidade\/","url":"http:\/\/fit-yellow-chameleon.62-193-192-118.cpanel.site\/ambipromo\/lp_pt\/politica-de-privacidade\/","name":"Pol\u00edtica de Privacidade - Ambipromo","isPartOf":{"@id":"http:\/\/fit-yellow-chameleon.62-193-192-118.cpanel.site\/ambipromo\/lp_pt\/#website"},"datePublished":"2025-10-30T10:33:42+00:00","dateModified":"2025-11-13T19:10:10+00:00","description":"Copos reutiliz\u00e1veis personalizados, produzidos na UE de forma sustent\u00e1vel. Ideal para eventos, hotelaria e restaura\u00e7\u00e3o. Pe\u00e7a or\u00e7amento hoje.","breadcrumb":{"@id":"http:\/\/fit-yellow-chameleon.62-193-192-118.cpanel.site\/ambipromo\/lp_pt\/politica-de-privacidade\/#breadcrumb"},"inLanguage":"pt-PT","potentialAction":[{"@type":"ReadAction","target":["http:\/\/fit-yellow-chameleon.62-193-192-118.cpanel.site\/ambipromo\/lp_pt\/politica-de-privacidade\/"]}]},{"@type":"BreadcrumbList","@id":"http:\/\/fit-yellow-chameleon.62-193-192-118.cpanel.site\/ambipromo\/lp_pt\/politica-de-privacidade\/#breadcrumb","itemListElement":[{"@type":"ListItem","position":1,"name":"In\u00edcio","item":"http:\/\/fit-yellow-chameleon.62-193-192-118.cpanel.site\/ambipromo\/lp_pt\/"},{"@type":"ListItem","position":2,"name":"Pol\u00edtica de Privacidade"}]},{"@type":"WebSite","@id":"http:\/\/fit-yellow-chameleon.62-193-192-118.cpanel.site\/ambipromo\/lp_pt\/#website","url":"http:\/\/fit-yellow-chameleon.62-193-192-118.cpanel.site\/ambipromo\/lp_pt\/","name":"Ambipromo","description":"Copos reutiliz\u00e1veis e sustent\u00e1veis","publisher":{"@id":"http:\/\/fit-yellow-chameleon.62-193-192-118.cpanel.site\/ambipromo\/lp_pt\/#organization"},"potentialAction":[{"@type":"SearchAction","target":{"@type":"EntryPoint","urlTemplate":"http:\/\/fit-yellow-chameleon.62-193-192-118.cpanel.site\/ambipromo\/lp_pt\/?s={search_term_string}"},"query-input":{"@type":"PropertyValueSpecification","valueRequired":true,"valueName":"search_term_string"}}],"inLanguage":"pt-PT"},{"@type":"Organization","@id":"http:\/\/fit-yellow-chameleon.62-193-192-118.cpanel.site\/ambipromo\/lp_pt\/#organization","name":"Ambipromo \u2013 Solu\u00e7\u00f5es Ecol\u00f3gicas Lda.","url":"http:\/\/fit-yellow-chameleon.62-193-192-118.cpanel.site\/ambipromo\/lp_pt\/","logo":{"@type":"ImageObject","inLanguage":"pt-PT","@id":"http:\/\/fit-yellow-chameleon.62-193-192-118.cpanel.site\/ambipromo\/lp_pt\/#\/schema\/logo\/image\/","url":"http:\/\/fit-yellow-chameleon.62-193-192-118.cpanel.site\/ambipromo\/lp_pt\/wp-content\/uploads\/2025\/10\/logo.webp","contentUrl":"http:\/\/fit-yellow-chameleon.62-193-192-118.cpanel.site\/ambipromo\/lp_pt\/wp-content\/uploads\/2025\/10\/logo.webp","width":600,"height":116,"caption":"Ambipromo \u2013 Solu\u00e7\u00f5es Ecol\u00f3gicas Lda."},"image":{"@id":"http:\/\/fit-yellow-chameleon.62-193-192-118.cpanel.site\/ambipromo\/lp_pt\/#\/schema\/logo\/image\/"},"sameAs":["https:\/\/www.facebook.com\/ambipromo","https:\/\/www.instagram.com\/ambipromo.pt\/"]}]}},"_links":{"self":[{"href":"http:\/\/fit-yellow-chameleon.62-193-192-118.cpanel.site\/ambipromo\/lp_pt\/wp-json\/wp\/v2\/pages\/25","targetHints":{"allow":["GET"]}}],"collection":[{"href":"http:\/\/fit-yellow-chameleon.62-193-192-118.cpanel.site\/ambipromo\/lp_pt\/wp-json\/wp\/v2\/pages"}],"about":[{"href":"http:\/\/fit-yellow-chameleon.62-193-192-118.cpanel.site\/ambipromo\/lp_pt\/wp-json\/wp\/v2\/types\/page"}],"author":[{"embeddable":true,"href":"http:\/\/fit-yellow-chameleon.62-193-192-118.cpanel.site\/ambipromo\/lp_pt\/wp-json\/wp\/v2\/users\/1"}],"replies":[{"embeddable":true,"href":"http:\/\/fit-yellow-chameleon.62-193-192-118.cpanel.site\/ambipromo\/lp_pt\/wp-json\/wp\/v2\/comments?post=25"}],"version-history":[{"count":11,"href":"http:\/\/fit-yellow-chameleon.62-193-192-118.cpanel.site\/ambipromo\/lp_pt\/wp-json\/wp\/v2\/pages\/25\/revisions"}],"predecessor-version":[{"id":778,"href":"http:\/\/fit-yellow-chameleon.62-193-192-118.cpanel.site\/ambipromo\/lp_pt\/wp-json\/wp\/v2\/pages\/25\/revisions\/778"}],"wp:attachment":[{"href":"http:\/\/fit-yellow-chameleon.62-193-192-118.cpanel.site\/ambipromo\/lp_pt\/wp-json\/wp\/v2\/media?parent=25"}],"curies":[{"name":"wp","href":"https:\/\/api.w.org\/{rel}","templated":true}]}}